{"id":107,"date":"2020-04-27T23:15:25","date_gmt":"2020-04-27T21:15:25","guid":{"rendered":"https:\/\/maap.umh.es\/?page_id=107"},"modified":"2022-01-27T20:00:27","modified_gmt":"2022-01-27T19:00:27","slug":"jose-vicente-martin-martinez","status":"publish","type":"page","link":"https:\/\/maap.umh.es\/en\/jose-vicente-martin-martinez\/","title":{"rendered":"Jos\u00e9 Vicente Mart\u00edn Mart\u00ednez"},"content":{"rendered":"<p>[et_pb_section fb_built=&#8221;1&#8243; fullwidth=&#8221;on&#8221; admin_label=&#8221;Secci\u00f3n&#8221; _builder_version=&#8221;4.2.2&#8243; min_height=&#8221;36px&#8221; border_width_all=&#8221;2px&#8221; border_color_all=&#8221;rgba(51,51,51,0)&#8221; global_module=&#8221;709&#8243; saved_tabs=&#8221;all&#8221;][et_pb_fullwidth_menu menu_id=&#8221;298916&#8243; menu_style=&#8221;centered&#8221; submenu_direction=&#8221;downwards&#8221; fullwidth_menu=&#8221;off&#8221; active_link_color=&#8221;#000000&#8243; dropdown_menu_bg_color=&#8221;#8f8f8f&#8221; dropdown_menu_line_color=&#8221;#ffffff&#8221; dropdown_menu_text_color=&#8221;#ffffff&#8221; dropdown_menu_active_link_color=&#8221;#88c4dd&#8221; logo_url=&#8221;https:\/\/maap.umh.es\/&#8221; logo_max_width=&#8221;23%&#8221; module_class=&#8221;menuNavegacion&#8221; _builder_version=&#8221;4.2.2&#8243; menu_font=&#8221;Noto Sans|||||||#000000|&#8221; menu_text_color=&#8221;rgba(10,0,0,0.49)&#8221; menu_font_size=&#8221;16px&#8221; menu_letter_spacing=&#8221;0.5px&#8221; background_layout=&#8221;dark&#8221; custom_css_menu_link=&#8221;text-decoration: none;&#8221; border_width_bottom=&#8221;0px&#8221; custom_css_menu_link__hover_enabled=&#8221;on|hover&#8221; custom_css_menu_link__hover=&#8221;text-decoration: underline;||opacity: 1!important;&#8221;][\/et_pb_fullwidth_menu][\/et_pb_section][et_pb_section fb_built=&#8221;1&#8243; _builder_version=&#8221;3.22&#8243;][et_pb_row _builder_version=&#8221;3.25&#8243; background_size=&#8221;initial&#8221; background_position=&#8221;top_left&#8221; background_repeat=&#8221;repeat&#8221;][et_pb_column type=&#8221;4_4&#8243; _builder_version=&#8221;3.25&#8243; custom_padding=&#8221;|||&#8221; custom_padding__hover=&#8221;|||&#8221;][et_pb_text _builder_version=&#8221;4.2.2&#8243; background_size=&#8221;initial&#8221; background_position=&#8221;top_left&#8221; background_repeat=&#8221;repeat&#8221;]<\/p>\n<h2><strong style=\"font-size: 14px;color: #666666\">Jos\u00e9 Vicente Mart\u00edn Mart\u00ednez<\/strong><span style=\"font-size: 14px;color: #666666\"> (Melilla, 1968)<\/span><\/h2>\n<p><span style=\"color: #000000\"><a href=\"mailto:jv.martin@umh.es\" style=\"color: #000000\">jv.martin@umh.es<\/a><\/span><\/p>\n<p>Su carrera profesional se ha centrado en la pr\u00e1ctica, la ense\u00f1anza y la investigaci\u00f3n en arte.<br \/>Realiza estudios de Licenciado en Bellas Artes (1986-1991) y obtiene el Doctorado en Bellas Artes (1996) en la Facultad de San Carlos, Universidad Polit\u00e9cnica de Valencia. Completa su formaci\u00f3n con una estancia en la School of Visual Arts de New York en 1995.<br \/>Su trayectoria como artista se ha centrado en una pintura figurativa que pretende interrogarse sobre la naturaleza de lo real, registro que ha ido ampli\u00e1ndose progresivamente a otros medios art\u00edsticos como la escultura, el dibujo o la instalaci\u00f3n.<br \/>Ha realizado distintas exposiciones individuales entre las que destacan las realizadas en la Galer\u00eda Buades de Madrid (1995), Club Diario Levante de Valencia (<em>Bien vale la huida<\/em>, 1993), Universidad de Valencia (<em>El hombre menguante<\/em>, 1995), la Galer\u00eda Cuatro de Valencia (<em>Mentiras a medida<\/em>, 1998), la Galer\u00eda Muelle 27 de Madrid (<em>Mundo de J.V. Marjov<\/em>, 2003), el Espai d\u2019Art \u201cLa Llotgeta\u201d de Valencia (<em>Hom\u00fanculos y demonios<\/em>, 2006), la Sala de exposiciones de la Lonja del Pescado en Alicante (<em>Memorial<\/em>, 2017) y la Universidad de Umea, Suecia (<em>The end of the biography<\/em>, 2018).<br \/>Entre las exposiciones colectivas destacan la <em>Muestra de Arte Joven<\/em> (Madrid, 1993), <em>Muelle de Levante<\/em> (Valencia, 1994 \/ Madrid, 1995), <em>Plural. El arte espa\u00f1ol ante el siglo XXI<\/em> (Madrid, 2002) o\u00a0<em>Imago Mundi. Spain Identity \/ Modernity. Luciano Benetton Collection<\/em> (M\u00e1laga-Venecia, 2015) entre otras muchas.<br \/>Sus obras se encuentran en colecciones como la de las <em>Cortes Valencianas<\/em> en Valencia,\u00a0 la <em>Colecci\u00f3n de Arte Contempor\u00e1neo La General<\/em> de Granada o la <em>Colecci\u00f3n de Arte Contempor\u00e1neo \u201cCiudad de Pamplona\u201d<\/em>, entre otras. As\u00ed mismo su obra ha sido referenciada por cr\u00edticos de arte y te\u00f3ricos como Juan Manuel Bonet, J.R. Danvila, Fernando Huici, Miguel Fern\u00e1ndez-Cid, Horacio Fern\u00e1ndez, Vicente Jarque o Jos\u00e9 Manuel \u00c1lvarez Enjuto.<br \/>Es miembro fundador del colectivo La Mutua Art\u00edstica (<span style=\"color: #000000\"><a href=\"http:\/\/www.lamutuaartistica.com\" style=\"color: #000000\">www.lamutuaartistica.com<\/a><\/span>).<br \/>En el \u00e1mbito acad\u00e9mico, inicia su trayectoria con la beca de formaci\u00f3n de personal investigador (1992-1996), que culmina con la tesis <em>Retratos de Fernando Arrabal. Entre la pintura de encargo y la teor\u00eda del grupo p\u00e1nico<\/em> (1996), dirigida por Inocencio Galindo Mateo (<em>Apto Cum Laude<\/em>). Esta investigaci\u00f3n se materializ\u00f3 en el comisariado de la exposici\u00f3n <em>Visiones de Fernando Arrabal<\/em>, sobre las relaciones del dramaturgo melillense con la pintura, organizada por el Consorcio de Museos de la Comunidad Valenciana y que itiner\u00f3 por las ciudades de Valencia, Madrid, Alicante, Zaragoza y Lisboa entre 1999 y 2000.<\/p>\n<p>Su labor investigadora se ha centrado en los \u00faltimos a\u00f1os en el \u00e1mbito de arqueolog\u00eda de los medios publicando los art\u00edculos: Mart\u00edn Mart\u00ednez, J.V. and Luna Lozano, S., 2019. &#8220;El rostro sint\u00e9tico. Estrategias de representaci\u00f3n en torno al retrato artificial&#8221;. Artnodes, (23). DOI: <span style=\"color: #000000\"><a href=\"http:\/\/doi.org\/10.7238\/a.v0i23.3186\" style=\"color: #000000\">http:\/\/doi.org\/10.7238\/a.v0i23.3186<\/a><\/span> y\u00a0Mart\u00edn Mart\u00ednez, J.V. and Albalate Gauch\u00eda, I., 2018. &#8220;Mirando dentro de la caja. El Visor de dioramas con enfoque selectivo como caso pr\u00e1ctico de arqueolog\u00eda de los medios&#8221;. Artnodes, (21). DOI: http:\/\/doi.org\/10.7238\/a.v0i21.3187. As\u00ed mismo es autor de la patente Visor de dioramas con enfoque selectivo (<span style=\"color: #000000\"><a href=\"https:\/\/drive.google.com\/file\/d\/0B3MO4hmca2QYekQ0d0FGSEcycWM\/view\" style=\"color: #000000\">N\u00daMERO: 201100414, concedida con fecha 16\/6\/2014<\/a>)<\/span><br \/>Es autor de los libros <span style=\"color: #000000\"><a href=\"https:\/\/www.amazon.es\/Historia-como-modelo-Romanticismo-Alem\u00e1n-ebook\/dp\/B00KHRCFVI\/ref=sr_1_1?s=digital-text&amp;ie=UTF8&amp;qid=1473525851&amp;sr=1-1\" style=\"color: #000000\"><em>La Historia como modelo en el romanticismo alem\u00e1n<\/em><\/a><\/span> (Universidad Miguel Hern\u00e1ndez de Elche, 2014) y <span style=\"color: #000000\"><a href=\"https:\/\/www.academia.edu\/821873\/Atenea_en_el_campus_Una_aproximaci\u00f3n_de_las_Bellas_Artes_como_disciplina_universitaria\" style=\"color: #000000\"><em>Atenea en el campus. Una aproximaci\u00f3n a las Bellas Artes como disciplina universitaria<\/em><\/a><\/span> (Universidad Polit\u00e9cnica de Valencia, 2007, junto a Inocencio Galindo) y de la edici\u00f3n, junto a Inocencio Galindo, de la obra <em>Imagen y Conocimiento. Tradici\u00f3n art\u00edstica e innovaci\u00f3n tecnol\u00f3gica<\/em> (Editorial Universidad Polit\u00e9cnica de Valencia, 2008).<br \/>Ha comisariado desde 2016 hasta la actualidad el proyecto exhibitivo <span style=\"color: #000000\"><a href=\"http:\/\/campusaltea.edu.umh.es\/es\/plan-z\/\" style=\"color: #000000\">Plan Z<\/a><\/span>, organizado por el Ayuntamiento de Altea y la Universidad Miguel Hern\u00e1ndez.<br \/>Comienza a trabajar como profesor e investigador en la <span style=\"color: #000000\"><a href=\"http:\/\/josevicentemartin.edu.umh.es\" style=\"color: #000000\">Universidad Miguel Hern\u00e1ndez de Elche<\/a><\/span> (Alicante) en el a\u00f1o 2000, labor que sigue desempe\u00f1ando en la actualidad, siendo, desde 2019, catedr\u00e1tico de Pintura.<\/p>\n<p>Ha ocupado distintos puestos de gesti\u00f3n acad\u00e9mica, siendo desde 2008 decano de la Facultad de Bellas Artes de Altea hasta la actualidad. Es director del <em>M\u00e1ster universitario en Proyecto e Investigaci\u00f3n en Arte<\/em> desde 2014 hasta la actualidad.<\/p>\n<p><span style=\"color: #000000\"><a href=\"http:\/\/www.josevicentemartin.com\/\" style=\"color: #000000\">www.josevicentemartin.com<\/a><\/span><br \/><span style=\"color: #000000\"><a href=\"https:\/\/josevicentemartin.edu.umh.es\" style=\"color: #000000\">josevicentemartin.edu.umh.es<\/a><\/span><\/p>\n<p>[\/et_pb_text][\/et_pb_column][\/et_pb_row][\/et_pb_section]<\/p>\n","protected":false},"excerpt":{"rendered":"<p>Jos\u00e9 Vicente Mart\u00edn Mart\u00ednez (Melilla, 1968) jv.martin@umh.es Su carrera profesional se ha centrado en la pr\u00e1ctica, la ense\u00f1anza y la investigaci\u00f3n en arte.Realiza estudios de Licenciado en Bellas Artes (1986-1991) y obtiene el Doctorado en Bellas Artes (1996) en la Facultad de San Carlos, Universidad Polit\u00e9cnica de Valencia. Completa su formaci\u00f3n con una estancia en [&hellip;]<\/p>\n","protected":false},"author":2710,"featured_media":0,"parent":0,"menu_order":1,"comment_status":"closed","ping_status":"closed","template":"","meta":{"_et_pb_use_builder":"on","_et_pb_old_content":"<p><strong>Jos\u00e9 Vicente Mart\u00edn Mart\u00ednez<\/strong> (Melilla, 1968)<br \/><a href=\"mailto:jv.martin@umh.es\">jv.martin@umh.es<\/a><\/p><p>Su carrera profesional se ha centrado en la pr\u00e1ctica, la ense\u00f1anza y la investigaci\u00f3n en arte.<br \/>Realiza estudios de Licenciado en Bellas Artes (1986-1991) y obtiene el Doctorado en Bellas Artes (1996) en la Facultad de San Carlos, Universidad Polit\u00e9cnica de Valencia. Completa su formaci\u00f3n con una estancia en la School of Visual Arts de New York en 1995.<br \/>Su trayectoria como artista se ha centrado en una pintura figurativa que pretende interrogarse sobre la naturaleza de lo real, registro que ha ido ampli\u00e1ndose progresivamente a otros medios art\u00edsticos como la escultura, el dibujo o la instalaci\u00f3n.<br \/>Ha realizado distintas exposiciones individuales entre las que destacan las realizadas en la Galer\u00eda Buades de Madrid (1995), Club Diario Levante de Valencia (<em>Bien vale la huida<\/em>, 1993), Universidad de Valencia (<em>El hombre menguante<\/em>, 1995), la Galer\u00eda Cuatro de Valencia (<em>Mentiras a medida<\/em>, 1998), la Galer\u00eda Muelle 27 de Madrid (<em>Mundo de J.V. Marjov<\/em>, 2003), el Espai d\u2019Art \u201cLa Llotgeta\u201d de Valencia (<em>Hom\u00fanculos y demonios<\/em>, 2006), la Sala de exposiciones de la Lonja del Pescado en Alicante (<em>Memorial<\/em>, 2017) y la Universidad de Umea, Suecia (<em>The end of the biography<\/em>, 2018).<br \/>Entre las exposiciones colectivas destacan la <em>Muestra de Arte Joven<\/em> (Madrid, 1993), <em>Muelle de Levante<\/em> (Valencia, 1994 \/ Madrid, 1995), <em>Plural. El arte espa\u00f1ol ante el siglo XXI<\/em> (Madrid, 2002) o\u00a0<em>Imago Mundi. Spain Identity \/ Modernity. Luciano Benetton Collection<\/em> (M\u00e1laga-Venecia, 2015) entre otras muchas.<br \/>Sus obras se encuentran en colecciones como la de las <em>Cortes Valencianas<\/em> en Valencia,\u00a0 la <em>Colecci\u00f3n de Arte Contempor\u00e1neo La General<\/em> de Granada o la <em>Colecci\u00f3n de Arte Contempor\u00e1neo \u201cCiudad de Pamplona\u201d<\/em>, entre otras. As\u00ed mismo su obra ha sido referenciada por cr\u00edticos de arte y te\u00f3ricos como Juan Manuel Bonet, J.R. Danvila, Fernando Huici, Miguel Fern\u00e1ndez-Cid, Horacio Fern\u00e1ndez, Vicente Jarque o Jos\u00e9 Manuel \u00c1lvarez Enjuto.<br \/>Es miembro fundador del colectivo La Mutua Art\u00edstica (<a href=\"http:\/\/www.lamutuaartistica.com\">www.lamutuaartistica.com<\/a>).<br \/>En el \u00e1mbito acad\u00e9mico, inicia su trayectoria con la beca de formaci\u00f3n de personal investigador (1992-1996), que culmina con la tesis <em>Retratos de Fernando Arrabal. Entre la pintura de encargo y la teor\u00eda del grupo p\u00e1nico<\/em> (1996), dirigida por Inocencio Galindo Mateo (<em>Apto Cum Laude<\/em>). Esta investigaci\u00f3n se materializ\u00f3 en el comisariado de la exposici\u00f3n <em>Visiones de Fernando Arrabal<\/em>, sobre las relaciones del dramaturgo melillense con la pintura, organizada por el Consorcio de Museos de la Comunidad Valenciana y que itiner\u00f3 por las ciudades de Valencia, Madrid, Alicante, Zaragoza y Lisboa entre 1999 y 2000.<\/p><p>Su labor investigadora se ha centrado en los \u00faltimos a\u00f1os en el \u00e1mbito de arqueolog\u00eda de los medios publicando los art\u00edculos: Mart\u00edn Mart\u00ednez, J.V. and Luna Lozano, S., 2019. \"El rostro sint\u00e9tico. Estrategias de representaci\u00f3n en torno al retrato artificial\". Artnodes, (23). DOI: <a href=\"http:\/\/doi.org\/10.7238\/a.v0i23.3186\">http:\/\/doi.org\/10.7238\/a.v0i23.3186<\/a> y\u00a0Mart\u00edn Mart\u00ednez, J.V. and Albalate Gauch\u00eda, I., 2018. \"Mirando dentro de la caja. El Visor de dioramas con enfoque selectivo como caso pr\u00e1ctico de arqueolog\u00eda de los medios\". Artnodes, (21). DOI: http:\/\/doi.org\/10.7238\/a.v0i21.3187. As\u00ed mismo es autor de la patente Visor de dioramas con enfoque selectivo (<a href=\"https:\/\/drive.google.com\/file\/d\/0B3MO4hmca2QYekQ0d0FGSEcycWM\/view\">N\u00daMERO: 201100414, concedida con fecha 16\/6\/2014<\/a>)<br \/>Es autor de los libros <a href=\"https:\/\/www.amazon.es\/Historia-como-modelo-Romanticismo-Alem\u00e1n-ebook\/dp\/B00KHRCFVI\/ref=sr_1_1?s=digital-text&ie=UTF8&qid=1473525851&sr=1-1\"><em>La Historia como modelo en el romanticismo alem\u00e1n<\/em><\/a> (Universidad Miguel Hern\u00e1ndez de Elche, 2014) y <a href=\"https:\/\/www.academia.edu\/821873\/Atenea_en_el_campus_Una_aproximaci\u00f3n_de_las_Bellas_Artes_como_disciplina_universitaria\"><em>Atenea en el campus. Una aproximaci\u00f3n a las Bellas Artes como disciplina universitaria<\/em><\/a> (Universidad Polit\u00e9cnica de Valencia, 2007, junto a Inocencio Galindo) y de la edici\u00f3n, junto a Inocencio Galindo, de la obra <em>Imagen y Conocimiento. Tradici\u00f3n art\u00edstica e innovaci\u00f3n tecnol\u00f3gica<\/em> (Editorial Universidad Polit\u00e9cnica de Valencia, 2008).<br \/>Ha comisariado desde 2016 hasta la actualidad el proyecto exhibitivo <a href=\"http:\/\/campusaltea.edu.umh.es\/es\/plan-z\/\">Plan Z<\/a>, organizado por el Ayuntamiento de Altea y la Universidad Miguel Hern\u00e1ndez.<br \/>Comienza a trabajar como profesor e investigador en la <a href=\"http:\/\/josevicentemartin.edu.umh.es\">Universidad Miguel Hern\u00e1ndez de Elche<\/a> (Alicante) en el a\u00f1o 2000, labor que sigue desempe\u00f1ando en la actualidad, siendo, desde 2019, catedr\u00e1tico de Pintura.<\/p><p>Ha ocupado distintos puestos de gesti\u00f3n acad\u00e9mica, siendo desde 2008 decano de la Facultad de Bellas Artes de Altea hasta la actualidad. Es director del <em>M\u00e1ster universitario en Proyecto e Investigaci\u00f3n en Arte<\/em> desde 2014 hasta la actualidad.<\/p><p><a href=\"http:\/\/www.josevicentemartin.com\/\">www.josevicentemartin.com<\/a><br \/><a href=\"https:\/\/josevicentemartin.edu.umh.es\">josevicentemartin.edu.umh.es<\/a><\/p>","_et_gb_content_width":"","_links_to":"","_links_to_target":""},"_links":{"self":[{"href":"https:\/\/maap.umh.es\/en\/wp-json\/wp\/v2\/pages\/107"}],"collection":[{"href":"https:\/\/maap.umh.es\/en\/wp-json\/wp\/v2\/pages"}],"about":[{"href":"https:\/\/maap.umh.es\/en\/wp-json\/wp\/v2\/types\/page"}],"author":[{"embeddable":true,"href":"https:\/\/maap.umh.es\/en\/wp-json\/wp\/v2\/users\/2710"}],"replies":[{"embeddable":true,"href":"https:\/\/maap.umh.es\/en\/wp-json\/wp\/v2\/comments?post=107"}],"version-history":[{"count":0,"href":"https:\/\/maap.umh.es\/en\/wp-json\/wp\/v2\/pages\/107\/revisions"}],"wp:attachment":[{"href":"https:\/\/maap.umh.es\/en\/wp-json\/wp\/v2\/media?parent=107"}],"curies":[{"name":"wp","href":"https:\/\/api.w.org\/{rel}","templated":true}]}}